{"id":19,"date":"2023-06-07T11:05:24","date_gmt":"2023-06-07T09:05:24","guid":{"rendered":"https:\/\/rehatrans.pl\/?page_id=19"},"modified":"2023-06-07T11:05:45","modified_gmt":"2023-06-07T09:05:45","slug":"oferta","status":"publish","type":"page","link":"https:\/\/rehatrans.pl\/?page_id=19","title":{"rendered":"Oferta"},"content":{"rendered":"\n<p>Oferujemy r\u00f3\u017cnorodne produkty rehabilitacyjne pogrupowane tematycznie w menu po lewej stronie. Dla Pa\u0144stwa wygody zosta\u0142y one pogrupowane w zale\u017cno\u015bci od rodzaju sprz\u0119tu. Je\u015bli maj\u0105 Pa\u0144stwo jakie\u015b pytania, lub chc\u0105 Pa\u0144stwo zakupi\u0107 sprz\u0119t nie znajduj\u0105cy si\u0119 w akutalnej ofercie, prosimy o kontakt przez telefon, email lub przez formularz na stronie.<\/p>\n\n\n\n<p><strong>Twoje cia\u0142o potrzebuje odpr\u0119\u017cenia? Skorzystaj z zabieg\u00f3w w ramach us\u0142ug<\/strong><a href=\"https:\/\/szymonbudnik.pl\/uslugi\/masaz\/\"><strong> masa\u017c Pozna\u0144<\/strong><\/a><strong> i pozb\u0105d\u017a si\u0119 wszelkich dolegliwo\u015bci!<\/strong><a href=\"https:\/\/szymonbudnik.pl\/\"><strong> Specjalista Szymon Budnik<\/strong><\/a><strong>, oferuje<\/strong><a href=\"https:\/\/harumi.pl\/uslugi\/masaz\/masaz-sportowy\/\"><strong> masa\u017c sportowy<\/strong><\/a><strong>,<\/strong><a href=\"https:\/\/harumi.pl\/uslugi\/masaz\/masaz-relaksacyjny\/\"><strong> masa\u017c relaksacyjny<\/strong><\/a><strong>,<\/strong><a href=\"https:\/\/harumi.pl\/uslugi\/masaz\/masaz-tkanek-glebokich\/\"><strong> masa\u017c tkanek g\u0142\u0119bokich<\/strong><\/a><strong> i wiele wiele innych. W przypadku r\u00f3\u017cnego rodzaju kontuzji, przeci\u0105\u017ce\u0144 lub nadwyr\u0119\u017ce\u0144, zach\u0119camy do skorzystania z zabieg\u00f3w w ramach us\u0142ug<\/strong><a href=\"https:\/\/szymonbudnik.pl\/uslugi\/fizjoterapia\/\"><strong> fizjoterapia Pozna\u0144<\/strong><\/a><strong>.<\/strong><\/p>\n\n","protected":false},"excerpt":{"rendered":"<p>Oferujemy r\u00f3\u017cnorodne produkty rehabilitacyjne pogrupowane tematycznie w menu po lewej stronie. Dla Pa\u0144stwa wygody zosta\u0142y one pogrupowane w zale\u017cno\u015bci od rodzaju sprz\u0119tu. Je\u015bli maj\u0105 Pa\u0144stwo jakie\u015b pytania, lub chc\u0105 Pa\u0144stwo zakupi\u0107 sprz\u0119t nie znajduj\u0105cy si\u0119 w akutalnej ofercie, prosimy o kontakt przez telefon, email lub przez formularz na stronie.<\/p>\n","protected":false},"author":2,"featured_media":0,"parent":0,"menu_order":0,"comment_status":"closed","ping_status":"closed","template":"","meta":[],"yoast_head":"<!-- This site is optimized with the Yoast SEO plugin v20.8 - https:\/\/yoast.com\/wordpress\/plugins\/seo\/ -->\n<title>Oferta - Rehatrans<\/title>\n<meta name=\"robots\" content=\"index, follow, max-snippet:-1, max-image-preview:large, max-video-preview:-1\" \/>\n<link rel=\"canonical\" href=\"https:\/\/rehatrans.pl\/?page_id=19\" \/>\n<meta property=\"og:locale\" content=\"pl_PL\" \/>\n<meta property=\"og:type\" content=\"article\" \/>\n<meta property=\"og:title\" content=\"Oferta - Rehatrans\" \/>\n<meta property=\"og:description\" content=\"Oferujemy r\u00f3\u017cnorodne produkty rehabilitacyjne pogrupowane tematycznie w menu po lewej stronie. Dla Pa\u0144stwa wygody zosta\u0142y one pogrupowane w zale\u017cno\u015bci od rodzaju sprz\u0119tu. Je\u015bli maj\u0105 Pa\u0144stwo jakie\u015b pytania, lub chc\u0105 Pa\u0144stwo zakupi\u0107 sprz\u0119t nie znajduj\u0105cy si\u0119 w akutalnej ofercie, prosimy o kontakt przez telefon, email lub przez formularz na stronie.\" \/>\n<meta property=\"og:url\" content=\"https:\/\/rehatrans.pl\/?page_id=19\" \/>\n<meta property=\"og:site_name\" content=\"Rehatrans\" \/>\n<meta property=\"article:modified_time\" content=\"2023-06-07T09:05:45+00:00\" \/>\n<meta name=\"twitter:card\" content=\"summary_large_image\" \/>\n<meta name=\"twitter:label1\" content=\"Szacowany czas czytania\" \/>\n\t<meta name=\"twitter:data1\" content=\"1 minuta\" \/>\n<script type=\"application\/ld+json\" class=\"yoast-schema-graph\">{\"@context\":\"https:\/\/schema.org\",\"@graph\":[{\"@type\":\"WebPage\",\"@id\":\"https:\/\/rehatrans.pl\/?page_id=19\",\"url\":\"https:\/\/rehatrans.pl\/?page_id=19\",\"name\":\"Oferta - Rehatrans\",\"isPartOf\":{\"@id\":\"https:\/\/rehatrans.pl\/#website\"},\"datePublished\":\"2023-06-07T09:05:24+00:00\",\"dateModified\":\"2023-06-07T09:05:45+00:00\",\"breadcrumb\":{\"@id\":\"https:\/\/rehatrans.pl\/?page_id=19#breadcrumb\"},\"inLanguage\":\"pl-PL\",\"potentialAction\":[{\"@type\":\"ReadAction\",\"target\":[\"https:\/\/rehatrans.pl\/?page_id=19\"]}]},{\"@type\":\"BreadcrumbList\",\"@id\":\"https:\/\/rehatrans.pl\/?page_id=19#breadcrumb\",\"itemListElement\":[{\"@type\":\"ListItem\",\"position\":1,\"name\":\"Strona g\u0142\u00f3wna\",\"item\":\"https:\/\/rehatrans.pl\/\"},{\"@type\":\"ListItem\",\"position\":2,\"name\":\"Oferta\"}]},{\"@type\":\"WebSite\",\"@id\":\"https:\/\/rehatrans.pl\/#website\",\"url\":\"https:\/\/rehatrans.pl\/\",\"name\":\"Rehatrans\",\"description\":\"Specjali\u015bci z zakresu rehabilitacji i fizjoterapii\",\"potentialAction\":[{\"@type\":\"SearchAction\",\"target\":{\"@type\":\"EntryPoint\",\"urlTemplate\":\"https:\/\/rehatrans.pl\/?s={search_term_string}\"},\"query-input\":\"required name=search_term_string\"}],\"inLanguage\":\"pl-PL\"}]}<\/script>\n<!-- \/ Yoast SEO plugin. -->","yoast_head_json":{"title":"Oferta - Rehatrans","robots":{"index":"index","follow":"follow","max-snippet":"max-snippet:-1","max-image-preview":"max-image-preview:large","max-video-preview":"max-video-preview:-1"},"canonical":"https:\/\/rehatrans.pl\/?page_id=19","og_locale":"pl_PL","og_type":"article","og_title":"Oferta - Rehatrans","og_description":"Oferujemy r\u00f3\u017cnorodne produkty rehabilitacyjne pogrupowane tematycznie w menu po lewej stronie. Dla Pa\u0144stwa wygody zosta\u0142y one pogrupowane w zale\u017cno\u015bci od rodzaju sprz\u0119tu. Je\u015bli maj\u0105 Pa\u0144stwo jakie\u015b pytania, lub chc\u0105 Pa\u0144stwo zakupi\u0107 sprz\u0119t nie znajduj\u0105cy si\u0119 w akutalnej ofercie, prosimy o kontakt przez telefon, email lub przez formularz na stronie.","og_url":"https:\/\/rehatrans.pl\/?page_id=19","og_site_name":"Rehatrans","article_modified_time":"2023-06-07T09:05:45+00:00","twitter_card":"summary_large_image","twitter_misc":{"Szacowany czas czytania":"1 minuta"},"schema":{"@context":"https:\/\/schema.org","@graph":[{"@type":"WebPage","@id":"https:\/\/rehatrans.pl\/?page_id=19","url":"https:\/\/rehatrans.pl\/?page_id=19","name":"Oferta - Rehatrans","isPartOf":{"@id":"https:\/\/rehatrans.pl\/#website"},"datePublished":"2023-06-07T09:05:24+00:00","dateModified":"2023-06-07T09:05:45+00:00","breadcrumb":{"@id":"https:\/\/rehatrans.pl\/?page_id=19#breadcrumb"},"inLanguage":"pl-PL","potentialAction":[{"@type":"ReadAction","target":["https:\/\/rehatrans.pl\/?page_id=19"]}]},{"@type":"BreadcrumbList","@id":"https:\/\/rehatrans.pl\/?page_id=19#breadcrumb","itemListElement":[{"@type":"ListItem","position":1,"name":"Strona g\u0142\u00f3wna","item":"https:\/\/rehatrans.pl\/"},{"@type":"ListItem","position":2,"name":"Oferta"}]},{"@type":"WebSite","@id":"https:\/\/rehatrans.pl\/#website","url":"https:\/\/rehatrans.pl\/","name":"Rehatrans","description":"Specjali\u015bci z zakresu rehabilitacji i fizjoterapii","potentialAction":[{"@type":"SearchAction","target":{"@type":"EntryPoint","urlTemplate":"https:\/\/rehatrans.pl\/?s={search_term_string}"},"query-input":"required name=search_term_string"}],"inLanguage":"pl-PL"}]}},"jetpack-related-posts":[{"id":17,"url":"https:\/\/rehatrans.pl\/?page_id=17","url_meta":{"origin":19,"position":0},"title":"O nas","date":"7 czerwca 2023","format":false,"excerpt":"TRANS SPRZ\u0118T REHABILITACYJNY Szanowni Pa\u0144stwo! Od 1992 roku nasza firma zajmuje si\u0119 dzia\u0142alno\u015bci\u0105 na rzecz os\u00f3b niepe\u0142nosprawnych. Zaopatrujemy w sprz\u0119t rehabilitacyjny wiele r\u00f3\u017cnych plac\u00f3wek Pomocy Spo\u0142ecznej, sklepy medyczne dzia\u0142aj\u0105ce na terenie Polski, jak r\u00f3wnie\u017c osoby indywidualne. Jeste\u015bmy bezpo\u015brednim importerem i dystrybutorem w\u00f3zk\u00f3w inwalidzkich r\u0119cznych i elektrycznych oraz \u00a0prowadzimy wypo\u017cyczalni\u0119\u00a0sprz\u0119tu rehabilitacyjnego.\u2026","rel":"","context":"Similar post","img":{"alt_text":"","src":"","width":0,"height":0},"classes":[]},{"id":87,"url":"https:\/\/rehatrans.pl\/","url_meta":{"origin":19,"position":1},"title":"Strona G\u0142\u00f3wna","date":"9 czerwca 2023","format":false,"excerpt":"Witajcie na stronie po\u015bwi\u0119conej rehabilitacji! Je\u015bli szukasz informacji na temat rehabilitacji, trafi\u0142e\u015b we w\u0142a\u015bciwe miejsce. Nasza strona jest dedykowana wszystkim, kt\u00f3rzy pragn\u0105 odzyska\u0107 pe\u0142n\u0105 sprawno\u015b\u0107 fizyczn\u0105 i powr\u00f3ci\u0107 do zdrowia po urazach, operacjach lub schorzeniach. REHABILITACJA Rehabilitacja to proces, kt\u00f3ry pomaga pacjentom w powrocie do normalnego funkcjonowania poprzez wzmacnianie mi\u0119\u015bni,\u2026","rel":"","context":"Similar post","img":{"alt_text":"","src":"https:\/\/i0.wp.com\/rehatrans.pl\/wp-content\/uploads\/2023\/06\/neuromobilization.jpg?resize=350%2C200&ssl=1","width":350,"height":200},"classes":[]},{"id":14,"url":"https:\/\/rehatrans.pl\/?page_id=14","url_meta":{"origin":19,"position":2},"title":"DOFINANSOWANIA","date":"7 czerwca 2023","format":false,"excerpt":"NOWE ZASADY REFUNDACJI DO W\u00d3ZK\u00d3W ELEKTRYCZNYCHNowy program na dofinansownie do zakupu w\u00f3zka z nap\u0119dem elektrycznym przez PFRON program \u201eAKTYWNY SAMORZ\u0104D \u201d.Program realizowany jest w lokalnych o\u015brodka PCPR,MOPS, lub Urz\u0119dach GminOsobami uprawnionymi do skorzystania z tego dofinansowania s\u0105 osoby niepe\u0142nosprawne (doros\u0142e i dzieci), posiadaj\u0105ce: orzeczenie\u00a0o znacznym stopniu niepe\u0142nosprawno\u015bci lub orzeczenie o\u2026","rel":"","context":"Similar post","img":{"alt_text":"","src":"","width":0,"height":0},"classes":[]},{"id":41,"url":"https:\/\/rehatrans.pl\/?page_id=41","url_meta":{"origin":19,"position":3},"title":"Adaptacja samochod\u00f3w","date":"7 czerwca 2023","format":false,"excerpt":"Na wszystkie poni\u017csze oferowane urz\u0105dzenia istnieje mozliwo\u015bc dofinansowania NOWO\u015a\u0106!!!\u00a0 Obrotowy fotel samochodowy dla osoby niepe\u0142nosprawnejsystem\u00a0TOURNOUTOpatentowany system obracanago fotela Tournout to idealne rozwi\u0105zanie dla os\u00f3b maj\u0105cych problem ze wsiadaniem do samochodu. Wygodny fotel typu kapita\u0144skiego zapewni optymalna stabilizacj\u0119 i bezpiecze\u0144stwo. Istnieje mozliwo\u015b\u0107 zastosowania dodatkowego system pochylania oparcia opcja TILDA. Urz\u0105dzenie montuje\u2026","rel":"","context":"Similar post","img":{"alt_text":"caro_40","src":"https:\/\/i0.wp.com\/web.archive.org\/web\/20150330022155im_\/http:\/\/rehatrans.pl\/images\/new\/caro_40.jpg?resize=350%2C200&ssl=1","width":350,"height":200},"classes":[]},{"id":38,"url":"https:\/\/rehatrans.pl\/?page_id=38","url_meta":{"origin":19,"position":4},"title":"W\u00f3zki inwalidzkie aluminiowe","date":"7 czerwca 2023","format":false,"excerpt":"W\u00f3zek r\u0119czny lekki\u00a0promocja\u00a0cena brutto 1100z\u0142 Sk\u0142adany w\u00f3zek r\u0119czny, rama wykonana z aluminium, lakierowana, podw\u00f3jny krzy\u017cak,tapicerka siedzenia i oparcia z wy\u015bci\u00f3\u0142k\u0105, mi\u0119kkie poduszki pod\u0142okietnik\u00f3w, pas podtrzymuj\u0105cypodudzie regulowany i zdejmowany, pod\u0142okietniki odchylane do ty\u0142u i zdejmowane, wyposa\u017cone wos\u0142ony boczne. Siedzenie z mo\u017cliwo\u015bci\u0105 regulacji g\u0142\u0119boko\u015bci w zakresie 3 cm. Podn\u00f3\u017cki z regulacj\u0105k\u0105ta pochylenia,\u2026","rel":"","context":"Similar post","img":{"alt_text":"","src":"https:\/\/i0.wp.com\/web.archive.org\/web\/20150217104419im_\/http:\/\/www.mdh.pl\/media\/repository\/wozki%20inw\/VCWK9AC.jpg?resize=350%2C200&ssl=1","width":350,"height":200},"classes":[]},{"id":54,"url":"https:\/\/rehatrans.pl\/?page_id=54","url_meta":{"origin":19,"position":5},"title":"W\u00f3zki elektryczne","date":"7 czerwca 2023","format":false,"excerpt":"W\u00f3zek elektryczny terenowo-pokojowy LY 206Najlepsz oferta na rynkuPodstawowy w\u00f3zek elektryczny na ramie krzy\u017cakowej. Jeden z najl\u017cejszych w\u00f3zk\u00f3w poprzez zastosowanie lekkich element\u00f3w oraz aluminiowej ramy, co stawia go na pierwszym miejscu,\u00a0jako idealny w\u00f3zek dla os\u00f3b kt\u00f3re cz\u0119sto podr\u00f3\u017cuj\u0105 \u015brodkami lokomocji.Amortyzacja k\u00f3l nap\u0119dowychRegulacja wysoko\u015bci oparciaWyfrofilowana wygodna poduszka siedzeniaKo\u0142a anty przebiciowe\u2022\u00a0\u00a0 \u00a0pr\u0119dko\u015b\u0107 max\u2026","rel":"","context":"Similar post","img":{"alt_text":"elektryki1","src":"https:\/\/i0.wp.com\/web.archive.org\/web\/20190123115742im_\/http:\/\/rehatrans.pl\/images\/new\/elektryki1.jpg?resize=350%2C200&ssl=1","width":350,"height":200},"classes":[]}],"_links":{"self":[{"href":"https:\/\/rehatrans.pl\/index.php?rest_route=\/wp\/v2\/pages\/19"}],"collection":[{"href":"https:\/\/rehatrans.pl\/index.php?rest_route=\/wp\/v2\/pages"}],"about":[{"href":"https:\/\/rehatrans.pl\/index.php?rest_route=\/wp\/v2\/types\/page"}],"author":[{"embeddable":true,"href":"https:\/\/rehatrans.pl\/index.php?rest_route=\/wp\/v2\/users\/2"}],"replies":[{"embeddable":true,"href":"https:\/\/rehatrans.pl\/index.php?rest_route=%2Fwp%2Fv2%2Fcomments&post=19"}],"version-history":[{"count":1,"href":"https:\/\/rehatrans.pl\/index.php?rest_route=\/wp\/v2\/pages\/19\/revisions"}],"predecessor-version":[{"id":20,"href":"https:\/\/rehatrans.pl\/index.php?rest_route=\/wp\/v2\/pages\/19\/revisions\/20"}],"wp:attachment":[{"href":"https:\/\/rehatrans.pl\/index.php?rest_route=%2Fwp%2Fv2%2Fmedia&parent=19"}],"curies":[{"name":"wp","href":"https:\/\/api.w.org\/{rel}","templated":true}]}}